{"id":50912,"date":"2022-01-11T00:02:55","date_gmt":"2022-01-10T22:02:55","guid":{"rendered":"https:\/\/bytek-astek.net\/privacy-policy\/"},"modified":"2024-11-19T17:30:04","modified_gmt":"2024-11-19T15:30:04","slug":"privacy-policy","status":"publish","type":"page","link":"https:\/\/bytek-astek.net\/qc\/privacy-policy\/","title":{"rendered":"Politique de confidentialit\u00e9"},"content":{"rendered":"<p>[et_pb_section fb_built=&#8221;1&#8243; next_background_color=&#8221;#ffffff&#8221; admin_label=&#8221;Politique de confidentialit\u00e9&#8221; _builder_version=&#8221;4.27.3&#8243; _module_preset=&#8221;default&#8221; use_background_color_gradient=&#8221;on&#8221; background_color_gradient_direction=&#8221;1deg&#8221; background_color_gradient_stops=&#8221;#2d2927 0%|#00c072 100%&#8221; background_color_gradient_start=&#8221;#2d2927&#8243; background_color_gradient_end=&#8221;#f9b000&#8243; background_image=&#8221;https:\/\/tekteam.wpengine.com\/wp-content\/uploads\/2022\/01\/visuel_header3-scaled.jpg&#8221; background_blend=&#8221;overlay&#8221; bottom_divider_style=&#8221;slant2&#8243; bottom_divider_height=&#8221;109px&#8221; bottom_divider_flip=&#8221;horizontal&#8221; locked=&#8221;off&#8221; collapsed=&#8221;on&#8221; global_colors_info=&#8221;{}&#8221;][et_pb_row admin_label=&#8221;Politique de confidentialit\u00e9&#8221; _builder_version=&#8221;4.16&#8243; _module_preset=&#8221;default&#8221; collapsed=&#8221;off&#8221; global_colors_info=&#8221;{}&#8221;][et_pb_column type=&#8221;4_4&#8243; _builder_version=&#8221;4.16&#8243; _module_preset=&#8221;default&#8221; global_colors_info=&#8221;{}&#8221;][et_pb_text disabled_on=&#8221;off|off|off&#8221; admin_label=&#8221;Politique de confidentialit\u00e9&#8221; _builder_version=&#8221;4.16&#8243; _module_preset=&#8221;default&#8221; header_font=&#8221;|800|||||||&#8221; header_text_color=&#8221;#FFFFFF&#8221; header_font_size=&#8221;45px&#8221; global_colors_info=&#8221;{}&#8221;]<\/p>\n<h1>Politique de confidentialit\u00e9<\/h1>\n<p>[\/et_pb_text][\/et_pb_column][\/et_pb_row][\/et_pb_section][et_pb_section fb_built=&#8221;1&#8243; admin_label=&#8221;Intro Julien Gavaldon&#8221; _builder_version=&#8221;4.16&#8243; _module_preset=&#8221;default&#8221; collapsed=&#8221;on&#8221; global_colors_info=&#8221;{}&#8221;][et_pb_row admin_label=&#8221;Intro Julien Gavaldon&#8221; _builder_version=&#8221;4.16&#8243; _module_preset=&#8221;default&#8221; collapsed=&#8221;on&#8221; global_colors_info=&#8221;{}&#8221;][et_pb_column type=&#8221;4_4&#8243; _builder_version=&#8221;4.16&#8243; _module_preset=&#8221;default&#8221; global_colors_info=&#8221;{}&#8221;][et_pb_text admin_label=&#8221;Intro Julien Gavaldon&#8221; _builder_version=&#8221;4.27.3&#8243; _module_preset=&#8221;default&#8221; header_2_text_color=&#8221;#2D2927&#8243; header_6_text_color=&#8221;#2D2927&#8243; global_colors_info=&#8221;{}&#8221;]<\/p>\n<h6><em>Bytek fait partie du Groupe Astek, et respecte \u00e0 ce titre l\u2019ensemble des r\u00e8gles et pr\u00e9conisations \u00e9dict\u00e9es dans la Politique de Confidentialit\u00e9<\/em>.<\/h6>\n<p>&nbsp;<\/p>\n<p><em>En 1978, la France, en devanci\u00e8re, a vot\u00e9 une loi relative \u00e0 l\u2019informatique, aux fichiers et aux libert\u00e9s. Dans ce contexte, bien avant que l\u2019Europe ne s\u2019empare du sujet, le Groupe Astek a \u00e9labor\u00e9 et d\u00e9velopp\u00e9 de solides convictions en mati\u00e8re de protection des informations personnelles.<br \/>Comme toute entreprise, le Groupe Astek a l\u2019obligation de respecter le socle de protection minimal offert par les pouvoirs publics au niveau national et europ\u00e9en. Dans cette perspective, nous veillons depuis de nombreuses ann\u00e9es \u00e0 ce que les informations de nos candidats, collaborateurs, partenaires et clients soient trait\u00e9es en totale conformit\u00e9 avec nos valeurs et dans le respect du R\u00e8glement G\u00e9n\u00e9ral sur la Protection des Donn\u00e9es (connu sous l\u2019acronyme \u00ab RGPD \u00bb), entr\u00e9 en vigueur le 25 mai 2018.<\/em><\/p>\n<p>En tant qu\u2019acteur du secteur num\u00e9rique, nous devons relever le d\u00e9fi de trouver des solutions p\u00e9rennes dans un monde o\u00f9 les donn\u00e9es personnelles font l\u2019objet d\u2019un traitement de masse bien souvent banalis\u00e9. Au-del\u00e0 du simple respect des r\u00e8gles, nous souhaitons atteindre un mod\u00e8le plus efficace en envisageant la protection sous une approche professionnelle et technique. Nous mettons ainsi nos comp\u00e9tences au service du RGPD en int\u00e9grant dans le r\u00e9sultat de nos prestations les dispositifs de protection les plus prometteurs. Dans cet esprit, nous entretenons et assurons la diffusion d\u2019une v\u00e9ritable culture du respect de la donn\u00e9e.<\/p>\n<p><em>Nous sommes fiers d\u2019accomplir quotidiennement notre mission dans le respect des droits et libert\u00e9s fondamentaux de chacun, et c\u2019est dans cet \u00e9lan citoyen et bienveillant que nous sommes heureux de vous pr\u00e9senter notre politique de confidentialit\u00e9, mise en \u0153uvre sur l\u2019ensemble du Groupe Astek. Car derri\u00e8re chaque donn\u00e9e se cache une identit\u00e9 et une existence dont les entreprises sont gardiennes.<\/em><\/p>\n<p style=\"text-align: right;\"><em>Julien Gavaldon, Pr\u00e9sident du Directoire du Groupe Astek<\/em><\/p>\n<p>[\/et_pb_text][\/et_pb_column][\/et_pb_row][\/et_pb_section][et_pb_section fb_built=&#8221;1&#8243; admin_label=&#8221;Les donn\u00e9es personnelles chez Astek&#8221; _builder_version=&#8221;4.16&#8243; _module_preset=&#8221;default&#8221; background_color=&#8221;#e8e8e8&#8243; collapsed=&#8221;on&#8221; global_colors_info=&#8221;{}&#8221;][et_pb_row admin_label=&#8221;Les donn\u00e9es personnelles chez Astek&#8221; _builder_version=&#8221;4.16&#8243; _module_preset=&#8221;default&#8221; global_colors_info=&#8221;{}&#8221;][et_pb_column type=&#8221;4_4&#8243; _builder_version=&#8221;4.16&#8243; _module_preset=&#8221;default&#8221; global_colors_info=&#8221;{}&#8221;][et_pb_text admin_label=&#8221;Les donn\u00e9es personnelles chez Astek&#8221; _builder_version=&#8221;4.19.1&#8243; _module_preset=&#8221;default&#8221; header_2_text_color=&#8221;#2D2927&#8243; global_colors_info=&#8221;{}&#8221;]<\/p>\n<h2>Les donn\u00e9es personnelles\u00a0<strong>au sein du Groupe Astek<\/strong><\/h2>\n<p>[\/et_pb_text][et_pb_text admin_label=&#8221;POURQUOI LE GROUPE ASTEK EST-IL CONCERN\u00c9 ?&#8221; _builder_version=&#8221;4.27.3&#8243; _module_preset=&#8221;default&#8221; header_2_text_color=&#8221;#00C072&#8243; header_2_font_size=&#8221;20px&#8221; custom_margin=&#8221;||80px||false|false&#8221; box_shadow_style=&#8221;preset4&#8243; box_shadow_color=&#8221;#00C072&#8243; global_colors_info=&#8221;{}&#8221;]<\/p>\n<h2>POURQUOI LE GROUPE ASTEK EST-IL CONCERN\u00c9\u00a0?<\/h2>\n<p>Toutes les soci\u00e9t\u00e9s traitant des donn\u00e9es \u00e0 caract\u00e8re personnel et ayant leur activit\u00e9 au sein de l\u2019Union Europ\u00e9enne se doivent d\u2019appliquer le r\u00e8glement europ\u00e9en et la l\u00e9gislation en vigueur relatifs \u00e0 la protection des donn\u00e9es personnelles.<\/p>\n<p>[\/et_pb_text][et_pb_text admin_label=&#8221;QU\u2019EST-CE QU\u2019UNE DONN\u00c9E \u00c0 CARACT\u00c8RE PERSONNEL&#8221; _builder_version=&#8221;4.16&#8243; _module_preset=&#8221;default&#8221; header_2_text_color=&#8221;#00C072&#8243; header_2_font_size=&#8221;20px&#8221; custom_margin=&#8221;||80px||false|false&#8221; box_shadow_style=&#8221;preset4&#8243; box_shadow_color=&#8221;#00C072&#8243; global_colors_info=&#8221;{}&#8221;]<\/p>\n<h2>QU\u2019EST-CE QU\u2019UNE DONN\u00c9E \u00c0 CARACT\u00c8RE PERSONNEL (OU DONN\u00c9E PERSONNELLE)\u00a0?<\/h2>\n<p>Il s\u2019agit de toutes informations se rapportant \u00e0 une personne physique identifi\u00e9e ou identifiable, gr\u00e2ce \u00e0 un identifiant ou \u00e0 un ou plusieurs \u00e9l\u00e9ments propres \u00e0 son identit\u00e9. Il peut s\u2019agir par exemple de vos nom, pr\u00e9nom, adresse \u00e9lectronique, localisation, num\u00e9ro de carte d\u2019identit\u00e9, adresse IP, photos, profil social ou culturel.<\/p>\n<p>[\/et_pb_text][et_pb_text admin_label=&#8221;QU\u2019EST-CE QUE LE TRAITEMENT DE DONN\u00c9ES PERSONNELLES ?&#8221; _builder_version=&#8221;4.16&#8243; _module_preset=&#8221;default&#8221; header_2_text_color=&#8221;#00C072&#8243; header_2_font_size=&#8221;20px&#8221; custom_margin=&#8221;||80px||false|false&#8221; box_shadow_style=&#8221;preset4&#8243; box_shadow_color=&#8221;#00C072&#8243; global_colors_info=&#8221;{}&#8221;]<\/p>\n<h2>QU\u2019EST-CE QUE LE TRAITEMENT DE DONN\u00c9ES PERSONNELLES\u00a0?<\/h2>\n<p>Il s\u2019agit de toute op\u00e9ration ou tout ensemble d\u2019op\u00e9rations portant sur de telles donn\u00e9es personnelles, notamment la collecte, l\u2019enregistrement, l\u2019organisation, la conservation, l\u2019adaptation ou la modification, l\u2019extraction, la consultation, l\u2019utilisation, la communication, l\u2019effacement ou la destruction.<\/p>\n<p>[\/et_pb_text][et_pb_text admin_label=&#8221;QU\u2019EST-CE QUE LA FINALIT\u00c9 DU TRAITEMENT ?<br \/>\n&#8221; _builder_version=&#8221;4.16&#8243; _module_preset=&#8221;default&#8221; header_2_text_color=&#8221;#00C072&#8243; header_2_font_size=&#8221;20px&#8221; custom_margin=&#8221;||80px||false|false&#8221; box_shadow_style=&#8221;preset4&#8243; box_shadow_color=&#8221;#00C072&#8243; global_colors_info=&#8221;{}&#8221;]<\/p>\n<h2>QU\u2019EST-CE QUE LA FINALIT\u00c9 DU TRAITEMENT\u00a0?<\/h2>\n<p>La finalit\u00e9 du traitement est l\u2019objectif principal de l\u2019utilisation de donn\u00e9es personnelles. Les donn\u00e9es personnelles doivent \u00eatre collect\u00e9es pour un but bien d\u00e9termin\u00e9 et l\u00e9gitime et ne doivent pas \u00eatre trait\u00e9es ult\u00e9rieurement de fa\u00e7on incompatible avec cet objectif initial. Ce principe de finalit\u00e9 limite la mani\u00e8re dont le responsable de traitement peut utiliser ou r\u00e9utiliser ces donn\u00e9es personnelles dans le futur.<\/p>\n<p>[\/et_pb_text][\/et_pb_column][\/et_pb_row][\/et_pb_section][et_pb_section fb_built=&#8221;1&#8243; admin_label=&#8221;Les donn\u00e9es personnelles que nous collectons&#8221; _builder_version=&#8221;4.16&#8243; _module_preset=&#8221;default&#8221; collapsed=&#8221;on&#8221; global_colors_info=&#8221;{}&#8221;][et_pb_row admin_label=&#8221;Les donn\u00e9es personnelles que nous collectons&#8221; _builder_version=&#8221;4.16&#8243; _module_preset=&#8221;default&#8221; global_colors_info=&#8221;{}&#8221;][et_pb_column type=&#8221;4_4&#8243; _builder_version=&#8221;4.16&#8243; _module_preset=&#8221;default&#8221; global_colors_info=&#8221;{}&#8221;][et_pb_text admin_label=&#8221;Les donn\u00e9es personnelles que nous collectons&#8221; _builder_version=&#8221;4.16&#8243; _module_preset=&#8221;default&#8221; header_2_text_color=&#8221;#2D2927&#8243; global_colors_info=&#8221;{}&#8221;]<\/p>\n<h2>Les donn\u00e9es personnelles que nous\u00a0<strong>collectons<\/strong><\/h2>\n<p>[\/et_pb_text][et_pb_text admin_label=&#8221;Le Groupe Astek, dans le cadre de ses activit\u00e9s propres&#8221; _builder_version=&#8221;4.27.3&#8243; _module_preset=&#8221;default&#8221; text_text_color=&#8221;#FFFFFF&#8221; background_color=&#8221;#00C072&#8243; custom_margin=&#8221;||||true&#8221; custom_padding=&#8221;20px|20px|20px|20px|true|true&#8221; global_colors_info=&#8221;{}&#8221;]<\/p>\n<p>Le Groupe Astek, dans le cadre de ses activit\u00e9s propres, est amen\u00e9 \u00e0 collecter ponctuellement de la donn\u00e9e personnelle, sans proc\u00e9der pour autant \u00e0 un traitement \u00e0 grande \u00e9chelle.<\/p>\n<p>En cas de traitement, la nature, la dur\u00e9e de conservation et la finalit\u00e9 des donn\u00e9es personnelles d\u00e9pendent de la qualit\u00e9 de nos interlocuteurs.<\/p>\n<p>Dans tous les cas, vos donn\u00e9es personnelles peuvent \u00eatre communiqu\u00e9es en interne aux collaborateurs ayant \u00e9t\u00e9 strictement autoris\u00e9s individuellement \u00e0 y acc\u00e9der, aux sous-traitants internes, ou externes, le cas \u00e9ch\u00e9ant, \u00e0 nos partenaires ainsi qu\u2019\u00e0 des organismes \u00e9tatiques. Nous exigeons le respect le plus total veillons \u00e0 ce qu\u2019ils apportent tout le soin n\u00e9cessaire au traitement de vos donn\u00e9es personnelles en contr\u00f4lant rigoureusement leurs finalit\u00e9s \u00e9tablies en accord avec nos instructions.<\/p>\n<p>[\/et_pb_text][et_pb_text admin_label=&#8221;VOUS \u00caTES CANDIDAT<br \/>\n&#8221; _builder_version=&#8221;4.27.3&#8243; _module_preset=&#8221;default&#8221; header_2_text_color=&#8221;#00C072&#8243; header_2_font_size=&#8221;20px&#8221; global_colors_info=&#8221;{}&#8221;]<\/p>\n<h2>VOUS \u00caTES CANDIDAT<\/h2>\n<p>[\/et_pb_text][et_pb_text admin_label=&#8221;Si vous \u00eates candidat&#8221; _builder_version=&#8221;4.27.3&#8243; _module_preset=&#8221;default&#8221; header_2_text_color=&#8221;#00C072&#8243; box_shadow_style=&#8221;preset4&#8243; box_shadow_color=&#8221;#00C072&#8243; global_colors_info=&#8221;{}&#8221;]<\/p>\n<p>Si vous \u00eates candidat, nous pouvons \u00eatre conduits \u00e0 traiter des donn\u00e9es personnelles telles que votre adresse mail lors de l\u2019inscription \u00e0 la newsletter, votre curriculum vitae et les informations qui y sont mentionn\u00e9es (nom, pr\u00e9nom, adresse, date\/lieu de naissance, email, n\u00b0 de tel., situation fam., activit\u00e9s extra-pro., scolarit\u00e9, formation, dipl\u00f4mes, employeurs.).<\/p>\n<p>En tant que Responsable de Traitement il nous appartient de d\u00e9terminer les finalit\u00e9s et les moyens du traitement.<\/p>\n<p>Au sein du Groupe Astek, la collecte des donn\u00e9es personnelles des candidats a pour seule finalit\u00e9 de permettre au service recrutement d\u2019\u00e9valuer votre capacit\u00e9 \u00e0 occuper l\u2019emploi propos\u00e9 par la soci\u00e9t\u00e9 et de vous proposer le poste qui vous correspond le mieux. Le traitement, quant \u00e0 lui, prend la forme de collecte, stockage, consultation, extraction, transfert et destruction.<\/p>\n<p>Notez que si vous n\u2019\u00eates pas retenu, nous supprimerons toutes les donn\u00e9es personnelles que vous avez partag\u00e9es avec nous au plus tard deux (2) ans apr\u00e8s le dernier contact avec vous.<\/p>\n<p>[\/et_pb_text][et_pb_text admin_label=&#8221;VOUS \u00caTES COLLABORATEUR (OU EX-COLLABORATEUR)&#8221; _builder_version=&#8221;4.17.0&#8243; _module_preset=&#8221;default&#8221; header_2_text_color=&#8221;#00C072&#8243; header_2_font_size=&#8221;20px&#8221; global_colors_info=&#8221;{}&#8221;]<\/p>\n<h2>VOUS \u00caTES COLLABORATEUR (OU EX-COLLABORATEUR)<\/h2>\n<p>[\/et_pb_text][et_pb_text admin_label=&#8221;Si vous \u00eates l\u2019un de nos collaborateurs&#8221; _builder_version=&#8221;4.16&#8243; _module_preset=&#8221;default&#8221; header_2_text_color=&#8221;#00C072&#8243; box_shadow_style=&#8221;preset4&#8243; box_shadow_color=&#8221;#00C072&#8243; global_colors_info=&#8221;{}&#8221;]<\/p>\n<p>Si vous \u00eates l\u2019un de nos collaborateurs (ou ex-collaborateur), nous sommes amen\u00e9s \u00e0 traiter les donn\u00e9es qui figurent sur votre curriculum vitae, votre fiche de renseignement du personnel (fiche remplie par vous lors de votre embauche) ou votre contrat de travail.<\/p>\n<p>En tant que Responsable de Traitement il nous appartient de d\u00e9terminer les finalit\u00e9s et les moyens du traitement.<br \/>Au sein du Groupe Astek, le traitement de ces donn\u00e9es permet la gestion l\u2019organisation du travail, administrative du personnel, la gestion des carri\u00e8res et la formation.<\/p>\n<p>Les donn\u00e9es personnelles sont \u00e9galement utilis\u00e9es dans le but de mettre en avant vos comp\u00e9tences dans le cadre de r\u00e9ponses \u00e0 des appels d\u2019offres. Le traitement prend la forme de collecte, stockage, consultation, extraction, transfert et destruction.<br \/>Notez que nous conserverons vos donn\u00e9es personnelles pendant toute la dur\u00e9e de votre contrat de travail puis pendant cinq (5) ann\u00e9es maximums \u00e0 l\u2019issue de ce dernier.<\/p>\n<p>[\/et_pb_text][et_pb_text admin_label=&#8221;VOUS \u00caTES UN TIERS&#8221; _builder_version=&#8221;4.16&#8243; _module_preset=&#8221;default&#8221; header_2_text_color=&#8221;#00C072&#8243; header_2_font_size=&#8221;20px&#8221; global_colors_info=&#8221;{}&#8221;]<\/p>\n<h2>VOUS \u00caTES UN TIERS<\/h2>\n<p>[\/et_pb_text][et_pb_text admin_label=&#8221;Si vous \u00eates un tiers &#8221; _builder_version=&#8221;4.16&#8243; _module_preset=&#8221;default&#8221; header_2_text_color=&#8221;#00C072&#8243; box_shadow_style=&#8221;preset4&#8243; box_shadow_color=&#8221;#00C072&#8243; global_colors_info=&#8221;{}&#8221;]<\/p>\n<p>Si vous \u00eates un tiers (client, prospect, fournisseur, etc.), nos obligations et responsabilit\u00e9s varient selon que notre Groupe intervient en qualit\u00e9 de Responsable de Traitement et\/ou de Sous-Traitant, au sens du RGPD.<\/p>\n<p>Nous sommes\u00a0<strong>Responsable de Traitement<\/strong>\u00a0lorsque nous r\u00e9coltons toutes les informations personnelles, sp\u00e9cifiques \u00e0 chaque projet et communiqu\u00e9es par vous.<\/p>\n<p>En tant que Responsable de Traitement, nous traitons ces donn\u00e9es dans les finalit\u00e9s d\u2019envoyer des informations sur notre \u00e9volution, de respecter les obligations contractuelles et r\u00e9glementaires en vigueur, de maintenir les relations n\u00e9cessaires \u00e0 notre m\u00e9tier (commerciale, maintenance, approvisionnement, etc), de maintenir l\u2019accessibilit\u00e9 au syst\u00e8me d\u2019information aux diff\u00e9rents utilisateurs, d\u2019analyser un produit client existant (logiciel, plateforme, programme, base de donn\u00e9es personnelles, etc.) \u00e0 partir duquel vous souhaitez mettre en place des \u00e9volutions ou bien de tester un produit d\u00e9velopp\u00e9 ou en cours de d\u00e9veloppement chez nous en recevant des donn\u00e9es personnelles de test de votre part. D\u2019autres finalit\u00e9s peuvent \u00e9galement \u00eatre identifi\u00e9es mais sont propres \u00e0 chaque projet (par exemple la maintenance d\u2019un logiciel).<\/p>\n<p>Nous conserverons vos donn\u00e9es personnelles tant que nos relations contractuelles et\/ou commerciales durent. Ensuite, nous conservons vos donn\u00e9es personnelles, sauf stipulation contraire dans le contrat, pour une dur\u00e9e de cinq (5) ans apr\u00e8s la fin de nos relations contractuelles.<\/p>\n<p>Parall\u00e8lement, nous rev\u00eatissons la qualit\u00e9 de Sous-traitant lorsque, intervenant sur site client, nous sommes amen\u00e9s dans le cadre de notre mission, et uniquement dans ce cadre, \u00e0 acc\u00e9der et \u00e0 travailler sur les donn\u00e9es personnelles stock\u00e9es sur le syst\u00e8me d\u2019information du client. Nous agissons alors sur instruction \u00e9crite du client : La finalit\u00e9 des traitements et la dur\u00e9e de conservation sont d\u00e9finies par lui en sa qualit\u00e9 de responsable de traitement. En aucun cas cette donn\u00e9e personnelle ne peut \u00eatre utilis\u00e9e par notre Groupe et nous en garantissons la destruction au terme de notre intervention.<\/p>\n<p>Dans ce cadre, nos collaborateurs sont form\u00e9s sur les mesures de s\u00e9curit\u00e9 \u00e0 mettre en \u0153uvre et sont tenus \u00e0 la plus stricte confidentialit\u00e9 des donn\u00e9es dont ils pourraient assurer le traitement. Nous veillons \u00e9galement au respect de proc\u00e9dures d\u2019urgence en cas de destruction, perte, alt\u00e9ration ou divulgation non autoris\u00e9e de donn\u00e9es personnelles d\u00e9tenues par le Groupe Astek. Ces proc\u00e9dures permettent de pr\u00e9venir les violations de donn\u00e9es personnelles mais \u00e9galement de r\u00e9agir de mani\u00e8re appropri\u00e9e et rapide en cas d\u2019incident, afin d\u2019y mettre un terme et de minimiser leurs effets.<\/p>\n<p>[\/et_pb_text][\/et_pb_column][\/et_pb_row][\/et_pb_section][et_pb_section fb_built=&#8221;1&#8243; admin_label=&#8221;Nos obligations dans le cadre du traitement des donn\u00e9es&#8221; _builder_version=&#8221;4.16&#8243; _module_preset=&#8221;default&#8221; background_color=&#8221;#e8e8e8&#8243; collapsed=&#8221;on&#8221; global_colors_info=&#8221;{}&#8221;][et_pb_row admin_label=&#8221;Nos obligations dans le cadre du traitement des donn\u00e9es&#8221; _builder_version=&#8221;4.16&#8243; _module_preset=&#8221;default&#8221; global_colors_info=&#8221;{}&#8221;][et_pb_column type=&#8221;4_4&#8243; _builder_version=&#8221;4.16&#8243; _module_preset=&#8221;default&#8221; global_colors_info=&#8221;{}&#8221;][et_pb_text admin_label=&#8221;Nos obligations dans le cadre du traitement des donn\u00e9es&#8221; _builder_version=&#8221;4.16&#8243; _module_preset=&#8221;default&#8221; header_2_text_color=&#8221;#2D2927&#8243; global_colors_info=&#8221;{}&#8221;]<\/p>\n<h2>Nos\u00a0<strong>obligations<\/strong>\u00a0dans le cadre du traitement des donn\u00e9es<\/h2>\n<p>[\/et_pb_text][et_pb_text admin_label=&#8221;Au-del\u00e0 des obligations g\u00e9n\u00e9rales&#8221; _builder_version=&#8221;4.16&#8243; _module_preset=&#8221;default&#8221; global_colors_info=&#8221;{}&#8221;]<\/p>\n<p>Au-del\u00e0 des obligations g\u00e9n\u00e9rales naturellement mises en \u0153uvre, conscients des enjeux, nous sommes all\u00e9s plus loin dans la mise en \u0153uvre de la protection de vos donn\u00e9es personnelles gr\u00e2ce \u00e0 des outils internes efficaces.<\/p>\n<p>[\/et_pb_text][et_pb_text admin_label=&#8221;NOS OBLIGATIONS G\u00c9N\u00c9RALES&#8221; _builder_version=&#8221;4.16&#8243; _module_preset=&#8221;default&#8221; header_2_text_color=&#8221;#00C072&#8243; header_2_font_size=&#8221;20px&#8221; global_colors_info=&#8221;{}&#8221;]<\/p>\n<h2>NOS OBLIGATIONS G\u00c9N\u00c9RALES<\/h2>\n<p>[\/et_pb_text][et_pb_text admin_label=&#8221;Nous attachons une importance&#8221; _builder_version=&#8221;4.16&#8243; _module_preset=&#8221;default&#8221; global_colors_info=&#8221;{}&#8221;]<\/p>\n<p>Nous attachons une importance toute particuli\u00e8re au respect de nos obligations l\u00e9gales en mati\u00e8re de protection des donn\u00e9es personnelles.<\/p>\n<p>Il a ainsi \u00e9t\u00e9 nomm\u00e9 un\u00a0<strong>D\u00e9l\u00e9gu\u00e9 \u00e0 la protection des donn\u00e9es personnelles<\/strong>\u00a0(DPO) charg\u00e9 de contr\u00f4ler la conformit\u00e9 juridique des traitements au sein du groupe, de conseiller les employ\u00e9s et de coop\u00e9rer avec les clients et sous-traitant ainsi qu\u2019avec l\u2019autorit\u00e9 de contr\u00f4le.<\/p>\n<p>Nous recensons r\u00e9guli\u00e8rement les donn\u00e9es personnelles dans un\u00a0<strong>registre<\/strong>\u00a0pr\u00e9cisant l\u2019objectif poursuivi, les cat\u00e9gories de donn\u00e9es personnelles utilis\u00e9es, les personnes ayant acc\u00e8s aux donn\u00e9es personnelles ainsi que leur dur\u00e9e de conservation.<\/p>\n<p>Nous prenons soin de\u00a0<strong>restreindre l\u2019utilisation des donn\u00e9es personnelles<\/strong>\u00a0aux finalit\u00e9s du traitement pr\u00e9vu : le groupe ASTEK ne peut utiliser les donn\u00e9es personnelles dans d\u2019autres buts que ceux pr\u00e9d\u00e9finis dans le respect du principe de proportionnalit\u00e9.<\/p>\n<p>Nous veillons \u00e0 stocker et conserver les donn\u00e9es personnelles pour la\u00a0<strong>dur\u00e9e n\u00e9cessaire<\/strong>\u00a0\u00e0 la r\u00e9alisation des finalit\u00e9s vis\u00e9es et dans la limite de la dur\u00e9e de conservation propre \u00e0 chaque donn\u00e9e personnelle.<\/p>\n<p>Nous vous assurons de notre engagement de coop\u00e9ration avec l\u2019autorit\u00e9 de contr\u00f4le en cas de besoin.<\/p>\n<p>Enfin, des\u00a0<strong>mesures de s\u00e9curit\u00e9<\/strong>\u00a0adapt\u00e9es ont \u00e9t\u00e9 mises en place afin d\u2019assurer la protection des donn\u00e9es personnelles en fonction de leur sensibilit\u00e9.<\/p>\n<p>[\/et_pb_text][et_pb_text admin_label=&#8221;NOS MESURES DE S\u00c9CURIT\u00c9&#8221; _builder_version=&#8221;4.27.3&#8243; _module_preset=&#8221;default&#8221; text_text_color=&#8221;#FFFFFF&#8221; header_2_text_color=&#8221;#FFFFFF&#8221; background_color=&#8221;#00C072&#8243; custom_padding=&#8221;20px|20px|20px|20px|true|true&#8221; global_colors_info=&#8221;{}&#8221;]<\/p>\n<h2>NOS MESURES DE S\u00c9CURIT\u00c9<\/h2>\n<p>&nbsp;<\/p>\n<p>Nous avons constitu\u00e9 une Direction de la Qualit\u00e9 et de la S\u00e9curit\u00e9 charg\u00e9e de veiller \u00e0 la s\u00e9curit\u00e9 et de l\u2019int\u00e9grit\u00e9 des donn\u00e9es personnelles faisant l\u2019objet d\u2019un traitement.<\/p>\n<p>&nbsp;<\/p>\n<p>A ce titre, a \u00e9t\u00e9 mis en oeuvre d\u00e8s 2016 un programme ambitieux de s\u00e9curisation de notre Syst\u00e8me d\u2019Informations.<br \/>Nous avons souhait\u00e9 faire certifier notre syst\u00e8me d\u2019Information afin de s\u00e9curiser un certain nombre d\u2019\u00e9l\u00e9ments sensibles, notamment les donn\u00e9es commerciales et financi\u00e8res ainsi que les vos donn\u00e9es personnelles.<\/p>\n<p>Cela s\u2019est mat\u00e9rialis\u00e9 par l\u2019obtention en mai 2017 d\u2019une double certification ISO 27001:2013 (S\u00e9curit\u00e9) et ISO 9001:2015 (Qualit\u00e9).<\/p>\n<p>[\/et_pb_text][\/et_pb_column][\/et_pb_row][\/et_pb_section][et_pb_section fb_built=&#8221;1&#8243; admin_label=&#8221;Vos droits&#8221; _builder_version=&#8221;4.16&#8243; _module_preset=&#8221;default&#8221; collapsed=&#8221;on&#8221; global_colors_info=&#8221;{}&#8221;][et_pb_row admin_label=&#8221;Vos droits&#8221; _builder_version=&#8221;4.16&#8243; _module_preset=&#8221;default&#8221; global_colors_info=&#8221;{}&#8221;][et_pb_column type=&#8221;4_4&#8243; _builder_version=&#8221;4.16&#8243; _module_preset=&#8221;default&#8221; global_colors_info=&#8221;{}&#8221;][et_pb_text admin_label=&#8221;Vos droits&#8221; _builder_version=&#8221;4.16&#8243; _module_preset=&#8221;default&#8221; header_2_text_color=&#8221;#2D2927&#8243; global_colors_info=&#8221;{}&#8221;]<\/p>\n<h2><strong>Vos droits<\/strong><\/h2>\n<p>[\/et_pb_text][et_pb_text admin_label=&#8221;Le r\u00e8glement europ\u00e9en et la l\u00e9gislation&#8221; _builder_version=&#8221;4.27.3&#8243; _module_preset=&#8221;default&#8221; link_text_color=&#8221;#00C072&#8243; global_colors_info=&#8221;{}&#8221;]<\/p>\n<p>Le r\u00e8glement europ\u00e9en et la l\u00e9gislation en vigueur relatifs \u00e0 la protection des donn\u00e9es personnelles ont cr\u00e9\u00e9 des nouveaux droits au b\u00e9n\u00e9fice des personnes dont nous collectons les donn\u00e9es. Nous offrons \u00e0 chacun la possibilit\u00e9 de les exercer dans les meilleures conditions.<\/p>\n<p>Nous garantissons ainsi l\u2019effectivit\u00e9 du droit d\u2019acc\u00e8s, du droit d\u2019information, du droit de rectification, du droit d\u2019opposition, du droit \u00e0 l\u2019oubli, du droit \u00e0 la limitation des traitements du droit \u00e0 la portabilit\u00e9 des donn\u00e9es personnelles, dont la mise en \u0153uvre suppose de prendre contact avec notre DPO dont l\u2019adresse mail figure ci-dessous.<\/p>\n<p>Pour plus de d\u00e9tails sur vos droits, rendez-vous sur le site de la CNIL :\u00a0<a href=\"https:\/\/cnil.fr\/\">https:\/\/cnil.fr<\/a>.<\/p>\n<p>[\/et_pb_text][et_pb_text admin_label=&#8221;Adresse CNIL&#8221; _builder_version=&#8221;4.27.3&#8243; _module_preset=&#8221;default&#8221; text_orientation=&#8221;center&#8221; custom_padding=&#8221;20px|20px|20px|20px|true|true&#8221; border_width_all=&#8221;5px&#8221; border_color_all=&#8221;#00C072&#8243; global_colors_info=&#8221;{}&#8221;]<\/p>\n<p>Nous vous rappelons enfin que vous disposez du droit d\u2019introduire une r\u00e9clamation aupr\u00e8s de<br \/>la CNIL (Commission Nationale de l\u2019Informatique et des Libert\u00e9s) :<br \/>3 Place de Fontenoy \u2013 TSA 80715 \u2013 75334 Paris Cedex 07.<\/p>\n<p>[\/et_pb_text][\/et_pb_column][\/et_pb_row][\/et_pb_section][et_pb_section fb_built=&#8221;1&#8243; admin_label=&#8221;Modifications de la pr\u00e9sente politique de confidentialit\u00e9&#8221; _builder_version=&#8221;4.27.3&#8243; _module_preset=&#8221;default&#8221; background_color=&#8221;#F2F2F2&#8243; collapsed=&#8221;on&#8221; global_colors_info=&#8221;{}&#8221;][et_pb_row admin_label=&#8221;Modifications de la pr\u00e9sente politique de confidentialit\u00e9&#8221; _builder_version=&#8221;4.16&#8243; _module_preset=&#8221;default&#8221; global_colors_info=&#8221;{}&#8221;][et_pb_column type=&#8221;4_4&#8243; _builder_version=&#8221;4.16&#8243; _module_preset=&#8221;default&#8221; global_colors_info=&#8221;{}&#8221;][et_pb_text admin_label=&#8221;Modifications de la pr\u00e9sente politique de confidentialit\u00e9&#8221; _builder_version=&#8221;4.16&#8243; _module_preset=&#8221;default&#8221; header_2_text_color=&#8221;#2D2927&#8243; global_colors_info=&#8221;{}&#8221;]<\/p>\n<h2><strong>Modifications<\/strong>\u00a0de la pr\u00e9sente politique de confidentialit\u00e9<\/h2>\n<p>[\/et_pb_text][et_pb_text admin_label=&#8221;Le Groupe Astek se r\u00e9serve le droit&#8221; _builder_version=&#8221;4.16&#8243; _module_preset=&#8221;default&#8221; global_colors_info=&#8221;{}&#8221;]<\/p>\n<p>Le Groupe Astek se r\u00e9serve le droit d\u2019apporter des modifications mineures \u00e0 cette politique de confidentialit\u00e9 pour nous mettre en conformit\u00e9 avec les \u00e9volutions technologiques, les pratiques de l\u2019industrie et les exigences r\u00e9glementaires, ou pour d\u2019autres raisons. Toute modification importante sera pr\u00e9c\u00e9d\u00e9e d\u2019une publication visible sur la page d\u2019accueil de ce site internet avant que celle-ci ne devienne effective.<\/p>\n<p>[\/et_pb_text][et_pb_text admin_label=&#8221;Contact&#8221; _builder_version=&#8221;4.16&#8243; _module_preset=&#8221;default&#8221; header_text_color=&#8221;#2D2927&#8243; header_2_text_color=&#8221;#2D2927&#8243; global_colors_info=&#8221;{}&#8221;]<\/p>\n<h2><strong>Contact<\/strong><\/h2>\n<p>[\/et_pb_text][et_pb_text admin_label=&#8221;Que vous soyez candidat, collaborateur&#8221; _builder_version=&#8221;4.27.3&#8243; _module_preset=&#8221;default&#8221; link_text_color=&#8221;#00C072&#8243; global_colors_info=&#8221;{}&#8221;]<\/p>\n<p>Que vous soyez candidat, collaborateur (ou ex-collaborateur) ou tiers, pour toute information compl\u00e9mentaire ou pour faire valoir vos droits, n\u2019h\u00e9sitez pas \u00e0 envoyer un courriel \u00e0 notre DPO :\u00a0<a href=\"mailto:dpo@groupeastek.fr\">dpo@groupeastek.fr<\/a>.<\/p>\n<p>[\/et_pb_text][\/et_pb_column][\/et_pb_row][\/et_pb_section]<\/p>\n","protected":false},"excerpt":{"rendered":"<p>Politique de confidentialit\u00e9 du site Bytek by Astek, la solution d&#8217;interm\u00e9diation du Groupe Astek.<\/p>\n","protected":false},"author":29,"featured_media":0,"parent":0,"menu_order":0,"comment_status":"closed","ping_status":"closed","template":"","meta":{"_et_pb_use_builder":"on","_et_pb_old_content":"","_et_gb_content_width":"","footnotes":""},"class_list":["post-50912","page","type-page","status-publish","hentry"],"yoast_head":"<!-- This site is optimized with the Yoast SEO plugin v27.5 - https:\/\/yoast.com\/product\/yoast-seo-wordpress\/ -->\n<title>Politique de confidentialit\u00e9 - Bytek<\/title>\n<meta name=\"description\" content=\"Politique de confidentialit\u00e9 du site Bytek by Astek, la solution d&#039;interm\u00e9diation du Groupe Astek.\" \/>\n<meta name=\"robots\" content=\"index, follow, max-snippet:-1, max-image-preview:large, max-video-preview:-1\" \/>\n<link rel=\"canonical\" href=\"https:\/\/bytek-astek.net\/qc\/privacy-policy\/\" \/>\n<meta property=\"og:locale\" content=\"en_US\" \/>\n<meta property=\"og:type\" content=\"article\" \/>\n<meta property=\"og:title\" content=\"Politique de confidentialit\u00e9 - Bytek\" \/>\n<meta property=\"og:description\" content=\"Politique de confidentialit\u00e9 du site Bytek by Astek, la solution d&#039;interm\u00e9diation du Groupe Astek.\" \/>\n<meta property=\"og:url\" content=\"https:\/\/bytek-astek.net\/qc\/privacy-policy\/\" \/>\n<meta property=\"og:site_name\" content=\"Bytek\" \/>\n<meta property=\"article:modified_time\" content=\"2024-11-19T15:30:04+00:00\" \/>\n<meta name=\"twitter:card\" content=\"summary_large_image\" \/>\n<meta name=\"twitter:label1\" content=\"Est. reading time\" \/>\n\t<meta name=\"twitter:data1\" content=\"18 minutes\" \/>\n<script type=\"application\/ld+json\" class=\"yoast-schema-graph\">{\"@context\":\"https:\\\/\\\/schema.org\",\"@graph\":[{\"@type\":\"WebPage\",\"@id\":\"https:\\\/\\\/bytek-astek.net\\\/qc\\\/privacy-policy\\\/\",\"url\":\"https:\\\/\\\/bytek-astek.net\\\/qc\\\/privacy-policy\\\/\",\"name\":\"Politique de confidentialit\u00e9 - Bytek\",\"isPartOf\":{\"@id\":\"https:\\\/\\\/bytek-astek.net\\\/qc\\\/#website\"},\"datePublished\":\"2022-01-10T22:02:55+00:00\",\"dateModified\":\"2024-11-19T15:30:04+00:00\",\"description\":\"Politique de confidentialit\u00e9 du site Bytek by Astek, la solution d'interm\u00e9diation du Groupe Astek.\",\"breadcrumb\":{\"@id\":\"https:\\\/\\\/bytek-astek.net\\\/qc\\\/privacy-policy\\\/#breadcrumb\"},\"inLanguage\":\"qc-QC\",\"potentialAction\":[{\"@type\":\"ReadAction\",\"target\":[\"https:\\\/\\\/bytek-astek.net\\\/qc\\\/privacy-policy\\\/\"]}]},{\"@type\":\"BreadcrumbList\",\"@id\":\"https:\\\/\\\/bytek-astek.net\\\/qc\\\/privacy-policy\\\/#breadcrumb\",\"itemListElement\":[{\"@type\":\"ListItem\",\"position\":1,\"name\":\"Accueil\",\"item\":\"https:\\\/\\\/bytek-astek.net\\\/qc\\\/\"},{\"@type\":\"ListItem\",\"position\":2,\"name\":\"Politique de confidentialit\u00e9\"}]},{\"@type\":\"WebSite\",\"@id\":\"https:\\\/\\\/bytek-astek.net\\\/qc\\\/#website\",\"url\":\"https:\\\/\\\/bytek-astek.net\\\/qc\\\/\",\"name\":\"Bytek\",\"description\":\"Bytek\",\"publisher\":{\"@id\":\"https:\\\/\\\/bytek-astek.net\\\/qc\\\/#organization\"},\"potentialAction\":[{\"@type\":\"SearchAction\",\"target\":{\"@type\":\"EntryPoint\",\"urlTemplate\":\"https:\\\/\\\/bytek-astek.net\\\/qc\\\/?s={search_term_string}\"},\"query-input\":{\"@type\":\"PropertyValueSpecification\",\"valueRequired\":true,\"valueName\":\"search_term_string\"}}],\"inLanguage\":\"qc-QC\"},{\"@type\":\"Organization\",\"@id\":\"https:\\\/\\\/bytek-astek.net\\\/qc\\\/#organization\",\"name\":\"Bytek\",\"alternateName\":\"Bytek\",\"url\":\"https:\\\/\\\/bytek-astek.net\\\/qc\\\/\",\"logo\":{\"@type\":\"ImageObject\",\"inLanguage\":\"qc-QC\",\"@id\":\"https:\\\/\\\/bytek-astek.net\\\/qc\\\/#\\\/schema\\\/logo\\\/image\\\/\",\"url\":\"https:\\\/\\\/bytek-astek.net\\\/wp-content\\\/uploads\\\/2024\\\/10\\\/BYTEK_AAC_COULEUR.png\",\"contentUrl\":\"https:\\\/\\\/bytek-astek.net\\\/wp-content\\\/uploads\\\/2024\\\/10\\\/BYTEK_AAC_COULEUR.png\",\"width\":1448,\"height\":535,\"caption\":\"Bytek\"},\"image\":{\"@id\":\"https:\\\/\\\/bytek-astek.net\\\/qc\\\/#\\\/schema\\\/logo\\\/image\\\/\"}}]}<\/script>\n<!-- \/ Yoast SEO plugin. -->","yoast_head_json":{"title":"Politique de confidentialit\u00e9 - Bytek","description":"Politique de confidentialit\u00e9 du site Bytek by Astek, la solution d'interm\u00e9diation du Groupe Astek.","robots":{"index":"index","follow":"follow","max-snippet":"max-snippet:-1","max-image-preview":"max-image-preview:large","max-video-preview":"max-video-preview:-1"},"canonical":"https:\/\/bytek-astek.net\/qc\/privacy-policy\/","og_locale":"en_US","og_type":"article","og_title":"Politique de confidentialit\u00e9 - Bytek","og_description":"Politique de confidentialit\u00e9 du site Bytek by Astek, la solution d'interm\u00e9diation du Groupe Astek.","og_url":"https:\/\/bytek-astek.net\/qc\/privacy-policy\/","og_site_name":"Bytek","article_modified_time":"2024-11-19T15:30:04+00:00","twitter_card":"summary_large_image","twitter_misc":{"Est. reading time":"18 minutes"},"schema":{"@context":"https:\/\/schema.org","@graph":[{"@type":"WebPage","@id":"https:\/\/bytek-astek.net\/qc\/privacy-policy\/","url":"https:\/\/bytek-astek.net\/qc\/privacy-policy\/","name":"Politique de confidentialit\u00e9 - Bytek","isPartOf":{"@id":"https:\/\/bytek-astek.net\/qc\/#website"},"datePublished":"2022-01-10T22:02:55+00:00","dateModified":"2024-11-19T15:30:04+00:00","description":"Politique de confidentialit\u00e9 du site Bytek by Astek, la solution d'interm\u00e9diation du Groupe Astek.","breadcrumb":{"@id":"https:\/\/bytek-astek.net\/qc\/privacy-policy\/#breadcrumb"},"inLanguage":"qc-QC","potentialAction":[{"@type":"ReadAction","target":["https:\/\/bytek-astek.net\/qc\/privacy-policy\/"]}]},{"@type":"BreadcrumbList","@id":"https:\/\/bytek-astek.net\/qc\/privacy-policy\/#breadcrumb","itemListElement":[{"@type":"ListItem","position":1,"name":"Accueil","item":"https:\/\/bytek-astek.net\/qc\/"},{"@type":"ListItem","position":2,"name":"Politique de confidentialit\u00e9"}]},{"@type":"WebSite","@id":"https:\/\/bytek-astek.net\/qc\/#website","url":"https:\/\/bytek-astek.net\/qc\/","name":"Bytek","description":"Bytek","publisher":{"@id":"https:\/\/bytek-astek.net\/qc\/#organization"},"potentialAction":[{"@type":"SearchAction","target":{"@type":"EntryPoint","urlTemplate":"https:\/\/bytek-astek.net\/qc\/?s={search_term_string}"},"query-input":{"@type":"PropertyValueSpecification","valueRequired":true,"valueName":"search_term_string"}}],"inLanguage":"qc-QC"},{"@type":"Organization","@id":"https:\/\/bytek-astek.net\/qc\/#organization","name":"Bytek","alternateName":"Bytek","url":"https:\/\/bytek-astek.net\/qc\/","logo":{"@type":"ImageObject","inLanguage":"qc-QC","@id":"https:\/\/bytek-astek.net\/qc\/#\/schema\/logo\/image\/","url":"https:\/\/bytek-astek.net\/wp-content\/uploads\/2024\/10\/BYTEK_AAC_COULEUR.png","contentUrl":"https:\/\/bytek-astek.net\/wp-content\/uploads\/2024\/10\/BYTEK_AAC_COULEUR.png","width":1448,"height":535,"caption":"Bytek"},"image":{"@id":"https:\/\/bytek-astek.net\/qc\/#\/schema\/logo\/image\/"}}]}},"_links":{"self":[{"href":"https:\/\/bytek-astek.net\/qc\/wp-json\/wp\/v2\/pages\/50912","targetHints":{"allow":["GET"]}}],"collection":[{"href":"https:\/\/bytek-astek.net\/qc\/wp-json\/wp\/v2\/pages"}],"about":[{"href":"https:\/\/bytek-astek.net\/qc\/wp-json\/wp\/v2\/types\/page"}],"author":[{"embeddable":true,"href":"https:\/\/bytek-astek.net\/qc\/wp-json\/wp\/v2\/users\/29"}],"replies":[{"embeddable":true,"href":"https:\/\/bytek-astek.net\/qc\/wp-json\/wp\/v2\/comments?post=50912"}],"version-history":[{"count":0,"href":"https:\/\/bytek-astek.net\/qc\/wp-json\/wp\/v2\/pages\/50912\/revisions"}],"wp:attachment":[{"href":"https:\/\/bytek-astek.net\/qc\/wp-json\/wp\/v2\/media?parent=50912"}],"curies":[{"name":"wp","href":"https:\/\/api.w.org\/{rel}","templated":true}]}}